{"id":994,"date":"2020-07-04T15:32:37","date_gmt":"2020-07-04T14:32:37","guid":{"rendered":"https:\/\/voyageetdestination.fr\/?page_id=994"},"modified":"2021-11-10T18:34:39","modified_gmt":"2021-11-10T17:34:39","slug":"en-charente-maritime","status":"publish","type":"page","link":"https:\/\/voyageetdestination.fr\/index.php\/en-charente-maritime\/","title":{"rendered":"En Charente-Maritime"},"content":{"rendered":"\n<hr class=\"wp-block-separator has-text-color has-background has-background-light-background-color has-background-light-color is-style-wide\"\/>\n\n\n\n<p class=\"has-text-align-center\"><\/p>\n\n\n\n<div class=\"wp-block-jetpack-tiled-gallery aligncenter is-style-circle\"><div class=\"tiled-gallery__gallery\"><div class=\"tiled-gallery__row columns-3\"><div class=\"tiled-gallery__col\"><figure class=\"tiled-gallery__item\"><img decoding=\"async\" role=\"button\" tabindex=\"0\" aria-label=\"Ouvrir l\u2019image 1 sur 6 en plein \u00e9cran\"srcset=\"https:\/\/voyageetdestination.files.wordpress.com\/2020\/06\/img_20160614_173159.jpg?resize=600,600&#038;strip=info 600w,https:\/\/voyageetdestination.files.wordpress.com\/2020\/06\/img_20160614_173159.jpg?resize=900,900&#038;strip=info 900w,https:\/\/voyageetdestination.files.wordpress.com\/2020\/06\/img_20160614_173159.jpg?resize=1200,1200&#038;strip=info 1200w,https:\/\/voyageetdestination.files.wordpress.com\/2020\/06\/img_20160614_173159.jpg?resize=1500,1500&#038;strip=info 1500w,https:\/\/voyageetdestination.files.wordpress.com\/2020\/06\/img_20160614_173159.jpg?resize=1800,1800&#038;strip=info 1800w,https:\/\/voyageetdestination.files.wordpress.com\/2020\/06\/img_20160614_173159.jpg?resize=2000,2000&#038;strip=info 2000w\" alt=\"\" data-height=\"2821\" data-id=\"948\" data-link=\"https:\/\/voyageetdestination.fr\/img_20160614_173159\/\" data-url=\"https:\/\/voyageetdestination.files.wordpress.com\/2020\/06\/img_20160614_173159.jpg\" data-width=\"3761\" src=\"https:\/\/voyageetdestination.files.wordpress.com\/2020\/06\/img_20160614_173159.jpg?resize=2000%2C2000\" data-amp-layout=\"responsive\"\/><\/figure><\/div><div class=\"tiled-gallery__col\"><figure class=\"tiled-gallery__item\"><img decoding=\"async\" role=\"button\" tabindex=\"0\" aria-label=\"Ouvrir l\u2019image 2 sur 6 en plein \u00e9cran\"srcset=\"https:\/\/voyageetdestination.files.wordpress.com\/2020\/06\/img_20160614_164310.jpg?resize=600,600&#038;strip=info 600w,https:\/\/voyageetdestination.files.wordpress.com\/2020\/06\/img_20160614_164310.jpg?resize=900,900&#038;strip=info 900w,https:\/\/voyageetdestination.files.wordpress.com\/2020\/06\/img_20160614_164310.jpg?resize=1200,1200&#038;strip=info 1200w,https:\/\/voyageetdestination.files.wordpress.com\/2020\/06\/img_20160614_164310.jpg?resize=1500,1500&#038;strip=info 1500w,https:\/\/voyageetdestination.files.wordpress.com\/2020\/06\/img_20160614_164310.jpg?resize=1800,1800&#038;strip=info 1800w,https:\/\/voyageetdestination.files.wordpress.com\/2020\/06\/img_20160614_164310.jpg?resize=2000,2000&#038;strip=info 2000w\" alt=\"\" data-height=\"3994\" data-id=\"947\" data-link=\"https:\/\/voyageetdestination.fr\/img_20160614_164310\/\" data-url=\"https:\/\/voyageetdestination.files.wordpress.com\/2020\/06\/img_20160614_164310.jpg\" data-width=\"2663\" src=\"https:\/\/voyageetdestination.files.wordpress.com\/2020\/06\/img_20160614_164310.jpg?resize=2000%2C2000\" data-amp-layout=\"responsive\"\/><\/figure><\/div><div class=\"tiled-gallery__col\"><figure class=\"tiled-gallery__item\"><img decoding=\"async\" role=\"button\" tabindex=\"0\" aria-label=\"Ouvrir l\u2019image 3 sur 6 en plein \u00e9cran\"srcset=\"https:\/\/voyageetdestination.files.wordpress.com\/2020\/06\/img_20160623_123519-1.jpg?resize=600,600&#038;strip=info 600w,https:\/\/voyageetdestination.files.wordpress.com\/2020\/06\/img_20160623_123519-1.jpg?resize=900,900&#038;strip=info 900w,https:\/\/voyageetdestination.files.wordpress.com\/2020\/06\/img_20160623_123519-1.jpg?resize=1200,1200&#038;strip=info 1200w,https:\/\/voyageetdestination.files.wordpress.com\/2020\/06\/img_20160623_123519-1.jpg?resize=1500,1500&#038;strip=info 1500w,https:\/\/voyageetdestination.files.wordpress.com\/2020\/06\/img_20160623_123519-1.jpg?resize=1800,1800&#038;strip=info 1800w,https:\/\/voyageetdestination.files.wordpress.com\/2020\/06\/img_20160623_123519-1.jpg?resize=2000,2000&#038;strip=info 2000w\" alt=\"\" data-height=\"2487\" data-id=\"861\" data-link=\"https:\/\/voyageetdestination.fr\/img_20160623_123519\/\" data-url=\"https:\/\/voyageetdestination.files.wordpress.com\/2020\/06\/img_20160623_123519-1.jpg\" data-width=\"3482\" src=\"https:\/\/voyageetdestination.files.wordpress.com\/2020\/06\/img_20160623_123519-1.jpg?resize=2000%2C2000\" data-amp-layout=\"responsive\"\/><\/figure><\/div><\/div><div class=\"tiled-gallery__row columns-3\"><div class=\"tiled-gallery__col\"><figure class=\"tiled-gallery__item\"><img decoding=\"async\" role=\"button\" tabindex=\"0\" aria-label=\"Ouvrir l\u2019image 4 sur 6 en plein \u00e9cran\"srcset=\"https:\/\/voyageetdestination.files.wordpress.com\/2020\/06\/img_20160616_145656-1-1.jpg?resize=600,600&#038;strip=info 600w,https:\/\/voyageetdestination.files.wordpress.com\/2020\/06\/img_20160616_145656-1-1.jpg?resize=900,900&#038;strip=info 900w,https:\/\/voyageetdestination.files.wordpress.com\/2020\/06\/img_20160616_145656-1-1.jpg?resize=1200,1200&#038;strip=info 1200w,https:\/\/voyageetdestination.files.wordpress.com\/2020\/06\/img_20160616_145656-1-1.jpg?resize=1500,1500&#038;strip=info 1500w,https:\/\/voyageetdestination.files.wordpress.com\/2020\/06\/img_20160616_145656-1-1.jpg?resize=1800,1800&#038;strip=info 1800w,https:\/\/voyageetdestination.files.wordpress.com\/2020\/06\/img_20160616_145656-1-1.jpg?resize=2000,2000&#038;strip=info 2000w\" alt=\"\" data-height=\"2486\" data-id=\"914\" data-link=\"https:\/\/voyageetdestination.fr\/img_20160616_145656-1-2\/\" data-url=\"https:\/\/voyageetdestination.files.wordpress.com\/2020\/06\/img_20160616_145656-1-1.jpg\" data-width=\"3480\" src=\"https:\/\/voyageetdestination.files.wordpress.com\/2020\/06\/img_20160616_145656-1-1.jpg?resize=2000%2C2000\" data-amp-layout=\"responsive\"\/><\/figure><\/div><div class=\"tiled-gallery__col\"><figure class=\"tiled-gallery__item\"><img decoding=\"async\" role=\"button\" tabindex=\"0\" aria-label=\"Ouvrir l\u2019image 5 sur 6 en plein \u00e9cran\"srcset=\"https:\/\/voyageetdestination.files.wordpress.com\/2020\/06\/img_20160616_122611-1-1.jpg?resize=600,600&#038;strip=info 600w,https:\/\/voyageetdestination.files.wordpress.com\/2020\/06\/img_20160616_122611-1-1.jpg?resize=900,900&#038;strip=info 900w,https:\/\/voyageetdestination.files.wordpress.com\/2020\/06\/img_20160616_122611-1-1.jpg?resize=1200,1200&#038;strip=info 1200w,https:\/\/voyageetdestination.files.wordpress.com\/2020\/06\/img_20160616_122611-1-1.jpg?resize=1500,1500&#038;strip=info 1500w,https:\/\/voyageetdestination.files.wordpress.com\/2020\/06\/img_20160616_122611-1-1.jpg?resize=1800,1800&#038;strip=info 1800w,https:\/\/voyageetdestination.files.wordpress.com\/2020\/06\/img_20160616_122611-1-1.jpg?resize=2000,2000&#038;strip=info 2000w\" alt=\"\" data-height=\"2965\" data-id=\"908\" data-link=\"https:\/\/voyageetdestination.fr\/img_20160616_122611-1-2\/\" data-url=\"https:\/\/voyageetdestination.files.wordpress.com\/2020\/06\/img_20160616_122611-1-1.jpg\" data-width=\"3953\" src=\"https:\/\/voyageetdestination.files.wordpress.com\/2020\/06\/img_20160616_122611-1-1.jpg?resize=2000%2C2000\" data-amp-layout=\"responsive\"\/><\/figure><\/div><div class=\"tiled-gallery__col\"><figure class=\"tiled-gallery__item\"><img decoding=\"async\" role=\"button\" tabindex=\"0\" aria-label=\"Ouvrir l\u2019image 6 sur 6 en plein \u00e9cran\"srcset=\"https:\/\/voyageetdestination.files.wordpress.com\/2020\/06\/img_20160623_152140-1.jpg?resize=600,600&#038;strip=info 600w,https:\/\/voyageetdestination.files.wordpress.com\/2020\/06\/img_20160623_152140-1.jpg?resize=900,900&#038;strip=info 900w,https:\/\/voyageetdestination.files.wordpress.com\/2020\/06\/img_20160623_152140-1.jpg?resize=1200,1200&#038;strip=info 1200w,https:\/\/voyageetdestination.files.wordpress.com\/2020\/06\/img_20160623_152140-1.jpg?resize=1500,1500&#038;strip=info 1500w,https:\/\/voyageetdestination.files.wordpress.com\/2020\/06\/img_20160623_152140-1.jpg?resize=1800,1800&#038;strip=info 1800w,https:\/\/voyageetdestination.files.wordpress.com\/2020\/06\/img_20160623_152140-1.jpg?resize=2000,2000&#038;strip=info 2000w\" alt=\"\" data-height=\"3120\" data-id=\"863\" data-link=\"https:\/\/voyageetdestination.fr\/img_20160623_152140\/\" data-url=\"https:\/\/voyageetdestination.files.wordpress.com\/2020\/06\/img_20160623_152140-1.jpg\" data-width=\"4160\" src=\"https:\/\/voyageetdestination.files.wordpress.com\/2020\/06\/img_20160623_152140-1.jpg?resize=2000%2C2000\" data-amp-layout=\"responsive\"\/><\/figure><\/div><\/div><\/div><\/div>\n\n\n\n<h2 class=\"wp-block-heading\"><strong>Les derniers articles<\/strong><\/h2>\n\n\n\n<hr class=\"wp-block-separator\"\/>\n\n\n<ul class=\"wp-block-latest-posts__list is-grid columns-3 wp-block-latest-posts\"><li><div class=\"wp-block-latest-posts__featured-image\"><img loading=\"lazy\" decoding=\"async\" width=\"150\" height=\"150\" src=\"https:\/\/voyageetdestination.fr\/wp-content\/uploads\/2020\/06\/IMG_20160614_153732-150x150.jpg\" class=\"attachment-thumbnail size-thumbnail wp-post-image\" alt=\"\" style=\"\" data-attachment-id=\"3203\" data-permalink=\"https:\/\/voyageetdestination.fr\/index.php\/2020\/06\/30\/decouvrir-la-rochelle\/img_20160614_153732\/\" data-orig-file=\"https:\/\/voyageetdestination.fr\/wp-content\/uploads\/2020\/06\/IMG_20160614_153732-scaled.jpg\" data-orig-size=\"2560,1829\" data-comments-opened=\"1\" data-image-meta=\"{&quot;aperture&quot;:&quot;2&quot;,&quot;credit&quot;:&quot;&quot;,&quot;camera&quot;:&quot;ALE-L21&quot;,&quot;caption&quot;:&quot;&quot;,&quot;created_timestamp&quot;:&quot;1465918653&quot;,&quot;copyright&quot;:&quot;&quot;,&quot;focal_length&quot;:&quot;3.79&quot;,&quot;iso&quot;:&quot;100&quot;,&quot;shutter_speed&quot;:&quot;0.00032362459546926&quot;,&quot;title&quot;:&quot;&quot;,&quot;orientation&quot;:&quot;0&quot;}\" data-image-title=\"La Rochelle\" data-image-description=\"\" data-image-caption=\"\" data-large-file=\"https:\/\/voyageetdestination.fr\/wp-content\/uploads\/2020\/06\/IMG_20160614_153732-1024x731.jpg\" \/><\/div><a class=\"wp-block-latest-posts__post-title\" href=\"https:\/\/voyageetdestination.fr\/index.php\/2020\/06\/30\/decouvrir-la-rochelle\/\">D\u00e9couvrir La Rochelle<\/a><div class=\"wp-block-latest-posts__post-excerpt\">Cette semaine, embarquez avec nous pour La Rochelle, en Charente-Maritime. Entre patrimoine historique exceptionnel, paysages maritimes et douceur de vivre, La Rochelle s&rsquo;appr\u00e9cie de bien des fa\u00e7ons ! \u00c0 travers l&rsquo;Histoire Pour remonter le temps, rien de mieux qu&rsquo;une promenade dans le Centre-ville. Amateurs de vieilles pierres, vous pourrez admirer les remparts, tours et arcades\u2026 <a class=\"wp-block-latest-posts__read-more\" href=\"https:\/\/voyageetdestination.fr\/index.php\/2020\/06\/30\/decouvrir-la-rochelle\/\" rel=\"noopener noreferrer\">Lire la suite<span class=\"screen-reader-text\">\u00a0: D\u00e9couvrir La Rochelle<\/span><\/a><\/div><\/li>\n<li><div class=\"wp-block-latest-posts__featured-image\"><img loading=\"lazy\" decoding=\"async\" width=\"150\" height=\"150\" src=\"https:\/\/voyageetdestination.fr\/wp-content\/uploads\/2020\/06\/IMG_20160619_152430-1-Copie-150x150.jpg\" class=\"attachment-thumbnail size-thumbnail wp-post-image\" alt=\"\" style=\"\" data-attachment-id=\"3202\" data-permalink=\"https:\/\/voyageetdestination.fr\/index.php\/2020\/06\/23\/destination-oleron\/img_20160619_152430-1-copie\/\" data-orig-file=\"https:\/\/voyageetdestination.fr\/wp-content\/uploads\/2020\/06\/IMG_20160619_152430-1-Copie-scaled.jpg\" data-orig-size=\"2560,1920\" data-comments-opened=\"1\" data-image-meta=\"{&quot;aperture&quot;:&quot;2&quot;,&quot;credit&quot;:&quot;&quot;,&quot;camera&quot;:&quot;ALE-L21&quot;,&quot;caption&quot;:&quot;&quot;,&quot;created_timestamp&quot;:&quot;1466349871&quot;,&quot;copyright&quot;:&quot;&quot;,&quot;focal_length&quot;:&quot;3.79&quot;,&quot;iso&quot;:&quot;100&quot;,&quot;shutter_speed&quot;:&quot;0.00039308176100629&quot;,&quot;title&quot;:&quot;&quot;,&quot;orientation&quot;:&quot;0&quot;}\" data-image-title=\"Ile d&amp;rsquo;Ol\u00e9ron\" data-image-description=\"\" data-image-caption=\"\" data-large-file=\"https:\/\/voyageetdestination.fr\/wp-content\/uploads\/2020\/06\/IMG_20160619_152430-1-Copie-1024x768.jpg\" \/><\/div><a class=\"wp-block-latest-posts__post-title\" href=\"https:\/\/voyageetdestination.fr\/index.php\/2020\/06\/23\/destination-oleron\/\">Destination Ol\u00e9ron<\/a><div class=\"wp-block-latest-posts__post-excerpt\">Dans le golfe de Gascogne, Ol\u00e9ron est une \u00eele de l&rsquo;archipel charentais, tout en naturel. L&rsquo;\u00cele d&rsquo;Ol\u00e9ron en quelques mots En Charente-Maritime (Nouvelle-Aquitaine), cette \u00eele offre une tr\u00e8s grande diversit\u00e9 d&rsquo;espaces naturels et de r\u00e9serves. C&rsquo;est toute une faune et une flore que vous pourrez d\u00e9couvrir sur les plages, dans les marais, dans les for\u00eats,\u2026 <a class=\"wp-block-latest-posts__read-more\" href=\"https:\/\/voyageetdestination.fr\/index.php\/2020\/06\/23\/destination-oleron\/\" rel=\"noopener noreferrer\">Lire la suite<span class=\"screen-reader-text\">\u00a0: Destination Ol\u00e9ron<\/span><\/a><\/div><\/li>\n<li><div class=\"wp-block-latest-posts__featured-image\"><img loading=\"lazy\" decoding=\"async\" width=\"150\" height=\"150\" src=\"https:\/\/voyageetdestination.fr\/wp-content\/uploads\/2020\/06\/IMG_20160623_151505-150x150.jpg\" class=\"attachment-thumbnail size-thumbnail wp-post-image\" alt=\"\" style=\"\" data-attachment-id=\"3201\" data-permalink=\"https:\/\/voyageetdestination.fr\/index.php\/2020\/06\/16\/ile-daix-jolie-petite-ile-bien-protegee\/img_20160623_151505\/\" data-orig-file=\"https:\/\/voyageetdestination.fr\/wp-content\/uploads\/2020\/06\/IMG_20160623_151505-scaled.jpg\" data-orig-size=\"2560,1920\" data-comments-opened=\"1\" data-image-meta=\"{&quot;aperture&quot;:&quot;2&quot;,&quot;credit&quot;:&quot;&quot;,&quot;camera&quot;:&quot;ALE-L21&quot;,&quot;caption&quot;:&quot;&quot;,&quot;created_timestamp&quot;:&quot;1466694906&quot;,&quot;copyright&quot;:&quot;&quot;,&quot;focal_length&quot;:&quot;3.79&quot;,&quot;iso&quot;:&quot;100&quot;,&quot;shutter_speed&quot;:&quot;0.00057803468208092&quot;,&quot;title&quot;:&quot;&quot;,&quot;orientation&quot;:&quot;0&quot;}\" data-image-title=\"Ile d&amp;rsquo;Aix\" data-image-description=\"\" data-image-caption=\"\" data-large-file=\"https:\/\/voyageetdestination.fr\/wp-content\/uploads\/2020\/06\/IMG_20160623_151505-1024x768.jpg\" \/><\/div><a class=\"wp-block-latest-posts__post-title\" href=\"https:\/\/voyageetdestination.fr\/index.php\/2020\/06\/16\/ile-daix-jolie-petite-ile-bien-protegee\/\">\u00cele d&rsquo;Aix, jolie petite \u00eele bien prot\u00e9g\u00e9e<\/a><div class=\"wp-block-latest-posts__post-excerpt\">Au large de la presqu\u2019\u00eele de Fouras et tout proche d&rsquo;Ol\u00e9ron, l\u2019\u00cele d&rsquo;Aix est la seule \u00ab\u00a0vraie\u00a0\u00bb \u00eele de Charente-Maritime, en Nouvelle-Aquitaine. Elle est accessible uniquement par bateau, mais le voyage vaut le d\u00e9tour. On vous emm\u00e8ne ! Toits de tuiles, volets color\u00e9s et impressionnants syst\u00e8mes de fortifications Vauban, le tout dans un \u00e9crin de\u2026 <a class=\"wp-block-latest-posts__read-more\" href=\"https:\/\/voyageetdestination.fr\/index.php\/2020\/06\/16\/ile-daix-jolie-petite-ile-bien-protegee\/\" rel=\"noopener noreferrer\">Lire la suite<span class=\"screen-reader-text\">\u00a0: \u00cele d&rsquo;Aix, jolie petite \u00eele bien prot\u00e9g\u00e9e<\/span><\/a><\/div><\/li>\n<\/ul>\n\n\n<p><\/p>\n","protected":false},"excerpt":{"rendered":"<p class=\"text-justify\">Les derniers articles<\/p>\n","protected":false},"author":1,"featured_media":0,"parent":0,"menu_order":0,"comment_status":"open","ping_status":"closed","template":"","meta":{"jetpack_post_was_ever_published":false,"footnotes":""},"class_list":["post-994","page","type-page","status-publish","hentry"],"jetpack_sharing_enabled":true,"jetpack_likes_enabled":true,"_links":{"self":[{"href":"https:\/\/voyageetdestination.fr\/index.php\/wp-json\/wp\/v2\/pages\/994","targetHints":{"allow":["GET"]}}],"collection":[{"href":"https:\/\/voyageetdestination.fr\/index.php\/wp-json\/wp\/v2\/pages"}],"about":[{"href":"https:\/\/voyageetdestination.fr\/index.php\/wp-json\/wp\/v2\/types\/page"}],"author":[{"embeddable":true,"href":"https:\/\/voyageetdestination.fr\/index.php\/wp-json\/wp\/v2\/users\/1"}],"replies":[{"embeddable":true,"href":"https:\/\/voyageetdestination.fr\/index.php\/wp-json\/wp\/v2\/comments?post=994"}],"version-history":[{"count":3,"href":"https:\/\/voyageetdestination.fr\/index.php\/wp-json\/wp\/v2\/pages\/994\/revisions"}],"predecessor-version":[{"id":3193,"href":"https:\/\/voyageetdestination.fr\/index.php\/wp-json\/wp\/v2\/pages\/994\/revisions\/3193"}],"wp:attachment":[{"href":"https:\/\/voyageetdestination.fr\/index.php\/wp-json\/wp\/v2\/media?parent=994"}],"curies":[{"name":"wp","href":"https:\/\/api.w.org\/{rel}","templated":true}]}}