{"id":1031,"date":"2020-07-05T18:04:49","date_gmt":"2020-07-05T17:04:49","guid":{"rendered":"https:\/\/voyageetdestination.fr\/?page_id=1031"},"modified":"2021-11-10T18:35:07","modified_gmt":"2021-11-10T17:35:07","slug":"en-normandie","status":"publish","type":"page","link":"https:\/\/voyageetdestination.fr\/index.php\/en-normandie\/","title":{"rendered":"En Normandie"},"content":{"rendered":"\n<hr class=\"wp-block-separator has-text-color has-background has-background-light-background-color has-background-light-color is-style-wide\"\/>\n\n\n\n<p class=\"has-text-align-center\"><\/p>\n\n\n\n<div class=\"wp-block-jetpack-tiled-gallery aligncenter is-style-circle\"><div class=\"tiled-gallery__gallery\"><div class=\"tiled-gallery__row columns-3\"><div class=\"tiled-gallery__col\"><figure class=\"tiled-gallery__item\"><img decoding=\"async\" role=\"button\" tabindex=\"0\" aria-label=\"Ouvrir l\u2019image 1 sur 6 en plein \u00e9cran\"srcset=\"https:\/\/voyageetdestination.files.wordpress.com\/2020\/07\/img_20190801_164757_1.jpg?resize=600,600&#038;strip=info 600w,https:\/\/voyageetdestination.files.wordpress.com\/2020\/07\/img_20190801_164757_1.jpg?resize=900,900&#038;strip=info 900w,https:\/\/voyageetdestination.files.wordpress.com\/2020\/07\/img_20190801_164757_1.jpg?resize=1200,1200&#038;strip=info 1200w,https:\/\/voyageetdestination.files.wordpress.com\/2020\/07\/img_20190801_164757_1.jpg?resize=1500,1500&#038;strip=info 1500w,https:\/\/voyageetdestination.files.wordpress.com\/2020\/07\/img_20190801_164757_1.jpg?resize=1800,1800&#038;strip=info 1800w,https:\/\/voyageetdestination.files.wordpress.com\/2020\/07\/img_20190801_164757_1.jpg?resize=2000,2000&#038;strip=info 2000w\" alt=\"\" data-height=\"2957\" data-id=\"1027\" data-link=\"https:\/\/voyageetdestination.fr\/img_20190801_164757_1\/\" data-url=\"https:\/\/voyageetdestination.files.wordpress.com\/2020\/07\/img_20190801_164757_1.jpg\" data-width=\"2112\" src=\"https:\/\/voyageetdestination.files.wordpress.com\/2020\/07\/img_20190801_164757_1.jpg?resize=2000%2C2000\" data-amp-layout=\"responsive\"\/><\/figure><\/div><div class=\"tiled-gallery__col\"><figure class=\"tiled-gallery__item\"><img decoding=\"async\" role=\"button\" tabindex=\"0\" aria-label=\"Ouvrir l\u2019image 2 sur 6 en plein \u00e9cran\"srcset=\"https:\/\/voyageetdestination.files.wordpress.com\/2020\/07\/img_20190731_191945.jpg?resize=600,600&#038;strip=info 600w,https:\/\/voyageetdestination.files.wordpress.com\/2020\/07\/img_20190731_191945.jpg?resize=900,900&#038;strip=info 900w,https:\/\/voyageetdestination.files.wordpress.com\/2020\/07\/img_20190731_191945.jpg?resize=1200,1200&#038;strip=info 1200w,https:\/\/voyageetdestination.files.wordpress.com\/2020\/07\/img_20190731_191945.jpg?resize=1500,1500&#038;strip=info 1500w,https:\/\/voyageetdestination.files.wordpress.com\/2020\/07\/img_20190731_191945.jpg?resize=1800,1800&#038;strip=info 1800w,https:\/\/voyageetdestination.files.wordpress.com\/2020\/07\/img_20190731_191945.jpg?resize=2000,2000&#038;strip=info 2000w\" alt=\"\" data-height=\"2331\" data-id=\"1024\" data-link=\"https:\/\/voyageetdestination.fr\/img_20190731_191945\/\" data-url=\"https:\/\/voyageetdestination.files.wordpress.com\/2020\/07\/img_20190731_191945.jpg\" data-width=\"3264\" src=\"https:\/\/voyageetdestination.files.wordpress.com\/2020\/07\/img_20190731_191945.jpg?resize=2000%2C2000\" data-amp-layout=\"responsive\"\/><\/figure><\/div><div class=\"tiled-gallery__col\"><figure class=\"tiled-gallery__item\"><img decoding=\"async\" role=\"button\" tabindex=\"0\" aria-label=\"Ouvrir l\u2019image 3 sur 6 en plein \u00e9cran\"srcset=\"https:\/\/voyageetdestination.files.wordpress.com\/2020\/07\/img_20190806_230152.jpg?resize=600,600&#038;strip=info 600w,https:\/\/voyageetdestination.files.wordpress.com\/2020\/07\/img_20190806_230152.jpg?resize=900,900&#038;strip=info 900w,https:\/\/voyageetdestination.files.wordpress.com\/2020\/07\/img_20190806_230152.jpg?resize=1200,1200&#038;strip=info 1200w,https:\/\/voyageetdestination.files.wordpress.com\/2020\/07\/img_20190806_230152.jpg?resize=1500,1500&#038;strip=info 1500w,https:\/\/voyageetdestination.files.wordpress.com\/2020\/07\/img_20190806_230152.jpg?resize=1800,1800&#038;strip=info 1800w,https:\/\/voyageetdestination.files.wordpress.com\/2020\/07\/img_20190806_230152.jpg?resize=2000,2000&#038;strip=info 2000w\" alt=\"\" data-height=\"3264\" data-id=\"1022\" data-link=\"https:\/\/voyageetdestination.fr\/img_20190806_230152\/\" data-url=\"https:\/\/voyageetdestination.files.wordpress.com\/2020\/07\/img_20190806_230152.jpg\" data-width=\"2448\" src=\"https:\/\/voyageetdestination.files.wordpress.com\/2020\/07\/img_20190806_230152.jpg?resize=2000%2C2000\" data-amp-layout=\"responsive\"\/><\/figure><\/div><\/div><div class=\"tiled-gallery__row columns-3\"><div class=\"tiled-gallery__col\"><figure class=\"tiled-gallery__item\"><img decoding=\"async\" role=\"button\" tabindex=\"0\" aria-label=\"Ouvrir l\u2019image 4 sur 6 en plein \u00e9cran\"srcset=\"https:\/\/voyageetdestination.files.wordpress.com\/2020\/07\/img_20190728_204836.jpg?resize=600,600&#038;strip=info 600w,https:\/\/voyageetdestination.files.wordpress.com\/2020\/07\/img_20190728_204836.jpg?resize=900,900&#038;strip=info 900w,https:\/\/voyageetdestination.files.wordpress.com\/2020\/07\/img_20190728_204836.jpg?resize=1200,1200&#038;strip=info 1200w,https:\/\/voyageetdestination.files.wordpress.com\/2020\/07\/img_20190728_204836.jpg?resize=1500,1500&#038;strip=info 1500w,https:\/\/voyageetdestination.files.wordpress.com\/2020\/07\/img_20190728_204836.jpg?resize=1800,1800&#038;strip=info 1800w,https:\/\/voyageetdestination.files.wordpress.com\/2020\/07\/img_20190728_204836.jpg?resize=2000,2000&#038;strip=info 2000w\" alt=\"\" data-height=\"2448\" data-id=\"1023\" data-link=\"https:\/\/voyageetdestination.fr\/img_20190728_204836\/\" data-url=\"https:\/\/voyageetdestination.files.wordpress.com\/2020\/07\/img_20190728_204836.jpg\" data-width=\"3264\" src=\"https:\/\/voyageetdestination.files.wordpress.com\/2020\/07\/img_20190728_204836.jpg?resize=2000%2C2000\" data-amp-layout=\"responsive\"\/><\/figure><\/div><div class=\"tiled-gallery__col\"><figure class=\"tiled-gallery__item\"><img decoding=\"async\" role=\"button\" tabindex=\"0\" aria-label=\"Ouvrir l\u2019image 5 sur 6 en plein \u00e9cran\"srcset=\"https:\/\/voyageetdestination.files.wordpress.com\/2020\/07\/img_20190802_131248.jpg?resize=600,600&#038;strip=info 600w,https:\/\/voyageetdestination.files.wordpress.com\/2020\/07\/img_20190802_131248.jpg?resize=900,900&#038;strip=info 900w,https:\/\/voyageetdestination.files.wordpress.com\/2020\/07\/img_20190802_131248.jpg?resize=1200,1200&#038;strip=info 1200w,https:\/\/voyageetdestination.files.wordpress.com\/2020\/07\/img_20190802_131248.jpg?resize=1500,1500&#038;strip=info 1500w,https:\/\/voyageetdestination.files.wordpress.com\/2020\/07\/img_20190802_131248.jpg?resize=1800,1800&#038;strip=info 1800w,https:\/\/voyageetdestination.files.wordpress.com\/2020\/07\/img_20190802_131248.jpg?resize=1954,1954&#038;strip=info 1954w\" alt=\"\" data-height=\"1954\" data-id=\"1021\" data-link=\"https:\/\/voyageetdestination.fr\/img_20190802_131248\/\" data-url=\"https:\/\/voyageetdestination.files.wordpress.com\/2020\/07\/img_20190802_131248.jpg\" data-width=\"2736\" src=\"https:\/\/voyageetdestination.files.wordpress.com\/2020\/07\/img_20190802_131248.jpg?resize=1954%2C1954\" data-amp-layout=\"responsive\"\/><\/figure><\/div><div class=\"tiled-gallery__col\"><figure class=\"tiled-gallery__item\"><img decoding=\"async\" role=\"button\" tabindex=\"0\" aria-label=\"Ouvrir l\u2019image 6 sur 6 en plein \u00e9cran\"srcset=\"https:\/\/voyageetdestination.files.wordpress.com\/2020\/07\/img_20190731_131638.jpg?resize=600,600&#038;strip=info 600w,https:\/\/voyageetdestination.files.wordpress.com\/2020\/07\/img_20190731_131638.jpg?resize=900,900&#038;strip=info 900w,https:\/\/voyageetdestination.files.wordpress.com\/2020\/07\/img_20190731_131638.jpg?resize=1200,1200&#038;strip=info 1200w,https:\/\/voyageetdestination.files.wordpress.com\/2020\/07\/img_20190731_131638.jpg?resize=1500,1500&#038;strip=info 1500w,https:\/\/voyageetdestination.files.wordpress.com\/2020\/07\/img_20190731_131638.jpg?resize=1800,1800&#038;strip=info 1800w,https:\/\/voyageetdestination.files.wordpress.com\/2020\/07\/img_20190731_131638.jpg?resize=2000,2000&#038;strip=info 2000w\" alt=\"\" data-height=\"2448\" data-id=\"1025\" data-link=\"https:\/\/voyageetdestination.fr\/img_20190731_131638\/\" data-url=\"https:\/\/voyageetdestination.files.wordpress.com\/2020\/07\/img_20190731_131638.jpg\" data-width=\"3264\" src=\"https:\/\/voyageetdestination.files.wordpress.com\/2020\/07\/img_20190731_131638.jpg?resize=2000%2C2000\" data-amp-layout=\"responsive\"\/><\/figure><\/div><\/div><\/div><\/div>\n\n\n\n<h2 class=\"wp-block-heading\"><strong>Les derniers articles<\/strong><\/h2>\n\n\n\n<hr class=\"wp-block-separator\"\/>\n\n\n<ul class=\"wp-block-latest-posts__list is-grid columns-3 wp-block-latest-posts\"><li><div class=\"wp-block-latest-posts__featured-image\"><img loading=\"lazy\" decoding=\"async\" width=\"150\" height=\"150\" src=\"https:\/\/voyageetdestination.fr\/wp-content\/uploads\/2021\/11\/img_20190803_122443-150x150.jpg\" class=\"attachment-thumbnail size-thumbnail wp-post-image\" alt=\"\" style=\"\" data-attachment-id=\"2349\" data-permalink=\"https:\/\/voyageetdestination.fr\/index.php\/2020\/08\/25\/de-passage-a-lisieux\/img_20190803_122443\/\" data-orig-file=\"https:\/\/voyageetdestination.fr\/wp-content\/uploads\/2021\/11\/img_20190803_122443-scaled.jpg\" data-orig-size=\"2560,1920\" data-comments-opened=\"1\" data-image-meta=\"{&quot;aperture&quot;:&quot;1.8&quot;,&quot;credit&quot;:&quot;&quot;,&quot;camera&quot;:&quot;HRY-LX1&quot;,&quot;caption&quot;:&quot;rbt&quot;,&quot;created_timestamp&quot;:&quot;1564835085&quot;,&quot;copyright&quot;:&quot;&quot;,&quot;focal_length&quot;:&quot;3.6&quot;,&quot;iso&quot;:&quot;50&quot;,&quot;shutter_speed&quot;:&quot;0.000410004100041&quot;,&quot;title&quot;:&quot;rbt&quot;,&quot;orientation&quot;:&quot;0&quot;}\" data-image-title=\"img_20190803_122443\" data-image-description=\"\" data-image-caption=\"\" data-large-file=\"https:\/\/voyageetdestination.fr\/wp-content\/uploads\/2021\/11\/img_20190803_122443-1024x768.jpg\" \/><\/div><a class=\"wp-block-latest-posts__post-title\" href=\"https:\/\/voyageetdestination.fr\/index.php\/2020\/08\/25\/de-passage-a-lisieux\/\">De passage \u00e0 Lisieux<\/a><div class=\"wp-block-latest-posts__post-excerpt\">Normandie | Etape 7 | Lisieux Nous voici dans le Calvados, pour l&rsquo;ultime \u00e9tape de ce Roadtrip, \u00e0 Lisieux, petite commune entour\u00e9e de vall\u00e9es et de son typique bocage normand. Lisieux est l&rsquo;une des plus anciennes villes de Normandie. Fond\u00e9e par une tribu gauloise, ses presque 2 000 ans d&rsquo;Histoire ont laiss\u00e9 un patrimoine tr\u00e8s\u2026 <a class=\"wp-block-latest-posts__read-more\" href=\"https:\/\/voyageetdestination.fr\/index.php\/2020\/08\/25\/de-passage-a-lisieux\/\" rel=\"noopener noreferrer\">Lire la suite<span class=\"screen-reader-text\">\u00a0: De passage \u00e0 Lisieux<\/span><\/a><\/div><\/li>\n<li><div class=\"wp-block-latest-posts__featured-image\"><img loading=\"lazy\" decoding=\"async\" width=\"150\" height=\"150\" src=\"https:\/\/voyageetdestination.fr\/wp-content\/uploads\/2020\/08\/IMG_20190802_131329-150x150.jpg\" class=\"attachment-thumbnail size-thumbnail wp-post-image\" alt=\"\" style=\"\" data-attachment-id=\"3206\" data-permalink=\"https:\/\/voyageetdestination.fr\/index.php\/2020\/08\/18\/decouvrir-caen\/img_20190802_131329\/\" data-orig-file=\"https:\/\/voyageetdestination.fr\/wp-content\/uploads\/2020\/08\/IMG_20190802_131329-scaled.jpg\" data-orig-size=\"2560,1920\" data-comments-opened=\"1\" data-image-meta=\"{&quot;aperture&quot;:&quot;1.8&quot;,&quot;credit&quot;:&quot;&quot;,&quot;camera&quot;:&quot;HRY-LX1&quot;,&quot;caption&quot;:&quot;&quot;,&quot;created_timestamp&quot;:&quot;1564751610&quot;,&quot;copyright&quot;:&quot;&quot;,&quot;focal_length&quot;:&quot;3.6&quot;,&quot;iso&quot;:&quot;50&quot;,&quot;shutter_speed&quot;:&quot;0.00030797659377887&quot;,&quot;title&quot;:&quot;&quot;,&quot;orientation&quot;:&quot;0&quot;}\" data-image-title=\"Caen\" data-image-description=\"\" data-image-caption=\"\" data-large-file=\"https:\/\/voyageetdestination.fr\/wp-content\/uploads\/2020\/08\/IMG_20190802_131329-1024x768.jpg\" \/><\/div><a class=\"wp-block-latest-posts__post-title\" href=\"https:\/\/voyageetdestination.fr\/index.php\/2020\/08\/18\/decouvrir-caen\/\">D\u00e9couvrir Caen<\/a><div class=\"wp-block-latest-posts__post-excerpt\">Normandie | Etape 6 | Caen Caen, dans le Calvados, est une tr\u00e8s belle destination pour qui appr\u00e9cie l&rsquo;Histoire et le patrimoine. Surnomm\u00e9e la \u00ab\u00a0Ville aux cent clochers\u00a0\u00bb &#8211; en raison de ses nombreux b\u00e2timents religieux -, c&rsquo;est aussi la cit\u00e9 de Guillaume le Conqu\u00e9rant et, avec Rouen, l&rsquo;autre capitale de l&rsquo;ancien Duch\u00e9 de Normandie.\u2026 <a class=\"wp-block-latest-posts__read-more\" href=\"https:\/\/voyageetdestination.fr\/index.php\/2020\/08\/18\/decouvrir-caen\/\" rel=\"noopener noreferrer\">Lire la suite<span class=\"screen-reader-text\">\u00a0: D\u00e9couvrir Caen<\/span><\/a><\/div><\/li>\n<li><div class=\"wp-block-latest-posts__featured-image\"><img loading=\"lazy\" decoding=\"async\" width=\"150\" height=\"150\" src=\"https:\/\/voyageetdestination.fr\/wp-content\/uploads\/2020\/08\/IMG_20190801_192557-150x150.jpg\" class=\"attachment-thumbnail size-thumbnail wp-post-image\" alt=\"\" style=\"\" data-attachment-id=\"3205\" data-permalink=\"https:\/\/voyageetdestination.fr\/index.php\/2020\/08\/11\/les-plages-du-debarquement\/img_20190801_192557\/\" data-orig-file=\"https:\/\/voyageetdestination.fr\/wp-content\/uploads\/2020\/08\/IMG_20190801_192557-scaled.jpg\" data-orig-size=\"2560,1920\" data-comments-opened=\"1\" data-image-meta=\"{&quot;aperture&quot;:&quot;1.8&quot;,&quot;credit&quot;:&quot;&quot;,&quot;camera&quot;:&quot;HRY-LX1&quot;,&quot;caption&quot;:&quot;&quot;,&quot;created_timestamp&quot;:&quot;1564687558&quot;,&quot;copyright&quot;:&quot;&quot;,&quot;focal_length&quot;:&quot;3.6&quot;,&quot;iso&quot;:&quot;50&quot;,&quot;shutter_speed&quot;:&quot;0.00071890726096334&quot;,&quot;title&quot;:&quot;&quot;,&quot;orientation&quot;:&quot;0&quot;}\" data-image-title=\"Pointe du Hoc\" data-image-description=\"\" data-image-caption=\"\" data-large-file=\"https:\/\/voyageetdestination.fr\/wp-content\/uploads\/2020\/08\/IMG_20190801_192557-1024x768.jpg\" \/><\/div><a class=\"wp-block-latest-posts__post-title\" href=\"https:\/\/voyageetdestination.fr\/index.php\/2020\/08\/11\/les-plages-du-debarquement\/\">Les plages du D\u00e9barquement<\/a><div class=\"wp-block-latest-posts__post-excerpt\">Normandie | Etape 5 | Les plages du D\u00e9barquement De Utah Beach \u00e0 Sword Beach, les plages du D\u00e9barquement s&rsquo;\u00e9tendent sur des kilom\u00e8tres et ont vu l&rsquo;arriv\u00e9e des alli\u00e9s en majorit\u00e9 am\u00e9ricains, britanniques et canadiens. En temps de guerre Ce sont plusieurs milliers de soldats qui ont d\u00e9barqu\u00e9 sur ces plages, d\u00e8s le 6 juin\u2026 <a class=\"wp-block-latest-posts__read-more\" href=\"https:\/\/voyageetdestination.fr\/index.php\/2020\/08\/11\/les-plages-du-debarquement\/\" rel=\"noopener noreferrer\">Lire la suite<span class=\"screen-reader-text\">\u00a0: Les plages du D\u00e9barquement<\/span><\/a><\/div><\/li>\n<li><div class=\"wp-block-latest-posts__featured-image\"><img loading=\"lazy\" decoding=\"async\" width=\"150\" height=\"150\" src=\"https:\/\/voyageetdestination.fr\/wp-content\/uploads\/2020\/08\/IMG_20190731_193047-150x150.jpg\" class=\"attachment-thumbnail size-thumbnail wp-post-image\" alt=\"\" style=\"\" data-attachment-id=\"3204\" data-permalink=\"https:\/\/voyageetdestination.fr\/index.php\/2020\/08\/04\/houlgate-une-cite-balneaire\/img_20190731_193047\/\" data-orig-file=\"https:\/\/voyageetdestination.fr\/wp-content\/uploads\/2020\/08\/IMG_20190731_193047-scaled.jpg\" data-orig-size=\"2560,1920\" data-comments-opened=\"1\" data-image-meta=\"{&quot;aperture&quot;:&quot;1.8&quot;,&quot;credit&quot;:&quot;&quot;,&quot;camera&quot;:&quot;HRY-LX1&quot;,&quot;caption&quot;:&quot;&quot;,&quot;created_timestamp&quot;:&quot;1564601449&quot;,&quot;copyright&quot;:&quot;&quot;,&quot;focal_length&quot;:&quot;3.6&quot;,&quot;iso&quot;:&quot;50&quot;,&quot;shutter_speed&quot;:&quot;0.0011750881316099&quot;,&quot;title&quot;:&quot;&quot;,&quot;orientation&quot;:&quot;0&quot;}\" data-image-title=\"Houlgate\" data-image-description=\"\" data-image-caption=\"\" data-large-file=\"https:\/\/voyageetdestination.fr\/wp-content\/uploads\/2020\/08\/IMG_20190731_193047-1024x768.jpg\" \/><\/div><a class=\"wp-block-latest-posts__post-title\" href=\"https:\/\/voyageetdestination.fr\/index.php\/2020\/08\/04\/houlgate-une-cite-balneaire\/\">Houlgate, une cit\u00e9 baln\u00e9aire<\/a><div class=\"wp-block-latest-posts__post-excerpt\">Normandie | Etape 4 | Houlgate Situ\u00e9e \u00e0 une quinzaine de kilom\u00e8tres de Deauville, Houlgate est une cit\u00e9 baln\u00e9aire typique de la Normandie et de sa C\u00f4te fleurie. Les d\u00e9buts d&rsquo;une ville baln\u00e9aire Au bord de la rivi\u00e8re du Drochon, Houlgate est, \u00e0 l&rsquo;origine, le village d&rsquo;agriculteurs de Beuzeval, tout pr\u00e8s de la mer. Au\u2026 <a class=\"wp-block-latest-posts__read-more\" href=\"https:\/\/voyageetdestination.fr\/index.php\/2020\/08\/04\/houlgate-une-cite-balneaire\/\" rel=\"noopener noreferrer\">Lire la suite<span class=\"screen-reader-text\">\u00a0: Houlgate, une cit\u00e9 baln\u00e9aire<\/span><\/a><\/div><\/li>\n<li><div class=\"wp-block-latest-posts__featured-image\"><img loading=\"lazy\" decoding=\"async\" width=\"150\" height=\"150\" src=\"https:\/\/voyageetdestination.fr\/wp-content\/uploads\/2021\/11\/img_20190731_131638-150x150.jpg\" class=\"attachment-thumbnail size-thumbnail wp-post-image\" alt=\"\" style=\"\" data-attachment-id=\"2414\" data-permalink=\"https:\/\/voyageetdestination.fr\/index.php\/2020\/07\/07\/roadtrip-quelques-incontournables-en-normandie\/img_20190731_131638\/\" data-orig-file=\"https:\/\/voyageetdestination.fr\/wp-content\/uploads\/2021\/11\/img_20190731_131638.jpg\" data-orig-size=\"750,562\" data-comments-opened=\"1\" data-image-meta=\"{&quot;aperture&quot;:&quot;0&quot;,&quot;credit&quot;:&quot;&quot;,&quot;camera&quot;:&quot;&quot;,&quot;caption&quot;:&quot;&quot;,&quot;created_timestamp&quot;:&quot;0&quot;,&quot;copyright&quot;:&quot;&quot;,&quot;focal_length&quot;:&quot;0&quot;,&quot;iso&quot;:&quot;0&quot;,&quot;shutter_speed&quot;:&quot;0&quot;,&quot;title&quot;:&quot;&quot;,&quot;orientation&quot;:&quot;0&quot;}\" data-image-title=\"Le Havre\" data-image-description=\"\" data-image-caption=\"&lt;p&gt;Barre d&amp;rsquo;immeubles construits par Auguste Perret&lt;\/p&gt;\n\" data-large-file=\"https:\/\/voyageetdestination.fr\/wp-content\/uploads\/2021\/11\/img_20190731_131638.jpg\" \/><\/div><a class=\"wp-block-latest-posts__post-title\" href=\"https:\/\/voyageetdestination.fr\/index.php\/2020\/07\/28\/le-havre-ville-darchitecture\/\">Le Havre, ville d&rsquo;architecture<\/a><div class=\"wp-block-latest-posts__post-excerpt\">Normandie | Etape 3 | Le Havre Le Havre, en Seine-Maritime, n&rsquo;est pas forc\u00e9ment LA destination phare de Normandie. Pourtant, elle en vaut le d\u00e9tour ! Son architecture si particuli\u00e8re marque bien les esprits et la d\u00e9marque d&rsquo;autres grandes villes de France. Un peu d&rsquo;Histoire Fond\u00e9s en 1517 par Fran\u00e7ois 1er, la ville et le\u2026 <a class=\"wp-block-latest-posts__read-more\" href=\"https:\/\/voyageetdestination.fr\/index.php\/2020\/07\/28\/le-havre-ville-darchitecture\/\" rel=\"noopener noreferrer\">Lire la suite<span class=\"screen-reader-text\">\u00a0: Le Havre, ville d&rsquo;architecture<\/span><\/a><\/div><\/li>\n<li><div class=\"wp-block-latest-posts__featured-image\"><img loading=\"lazy\" decoding=\"async\" width=\"150\" height=\"150\" src=\"https:\/\/voyageetdestination.fr\/wp-content\/uploads\/2020\/07\/img_20190806_230152-150x150.jpg\" class=\"attachment-thumbnail size-thumbnail wp-post-image\" alt=\"\" style=\"\" data-attachment-id=\"3146\" data-permalink=\"https:\/\/voyageetdestination.fr\/index.php\/2020\/07\/21\/lincroyable-etretat\/img_20190806_230152-3\/\" data-orig-file=\"https:\/\/voyageetdestination.fr\/wp-content\/uploads\/2020\/07\/img_20190806_230152.jpg\" data-orig-size=\"1024,745\" data-comments-opened=\"1\" data-image-meta=\"{&quot;aperture&quot;:&quot;0&quot;,&quot;credit&quot;:&quot;&quot;,&quot;camera&quot;:&quot;&quot;,&quot;caption&quot;:&quot;&quot;,&quot;created_timestamp&quot;:&quot;1636548978&quot;,&quot;copyright&quot;:&quot;&quot;,&quot;focal_length&quot;:&quot;0&quot;,&quot;iso&quot;:&quot;0&quot;,&quot;shutter_speed&quot;:&quot;0&quot;,&quot;title&quot;:&quot;&quot;,&quot;orientation&quot;:&quot;1&quot;}\" data-image-title=\"img_20190806_230152\" data-image-description=\"\" data-image-caption=\"\" data-large-file=\"https:\/\/voyageetdestination.fr\/wp-content\/uploads\/2020\/07\/img_20190806_230152.jpg\" \/><\/div><a class=\"wp-block-latest-posts__post-title\" href=\"https:\/\/voyageetdestination.fr\/index.php\/2020\/07\/21\/lincroyable-etretat\/\">L&rsquo;incroyable Etretat<\/a><div class=\"wp-block-latest-posts__post-excerpt\">Normandie | Etape 2 | Etretat Pour la deuxi\u00e8me \u00e9tape de ce Roadtrip en Normandie, c&rsquo;est Etretat et ses falaises que nous avons d\u00e9cid\u00e9 de rejoindre. Visiter Etretat, c&rsquo;est tout d&rsquo;abord d\u00e9couvrir un paysage naturel \u00e9poustouflant. Situ\u00e9e dans les c\u00f4tes d&rsquo;Alb\u00e2tre en Seine-Maritime, pr\u00e8s du Havre, la ville offre un cadre magnifique. C\u00e9l\u00e8bre en grande\u2026 <a class=\"wp-block-latest-posts__read-more\" href=\"https:\/\/voyageetdestination.fr\/index.php\/2020\/07\/21\/lincroyable-etretat\/\" rel=\"noopener noreferrer\">Lire la suite<span class=\"screen-reader-text\">\u00a0: L&rsquo;incroyable Etretat<\/span><\/a><\/div><\/li>\n<li><div class=\"wp-block-latest-posts__featured-image\"><img loading=\"lazy\" decoding=\"async\" width=\"150\" height=\"150\" src=\"https:\/\/voyageetdestination.fr\/wp-content\/uploads\/2021\/11\/img_20190728_204836-150x150.jpg\" class=\"attachment-thumbnail size-thumbnail wp-post-image\" alt=\"\" style=\"\" data-attachment-id=\"2412\" data-permalink=\"https:\/\/voyageetdestination.fr\/index.php\/2020\/07\/07\/roadtrip-quelques-incontournables-en-normandie\/img_20190728_204836\/\" data-orig-file=\"https:\/\/voyageetdestination.fr\/wp-content\/uploads\/2021\/11\/img_20190728_204836.jpg\" data-orig-size=\"750,562\" data-comments-opened=\"1\" data-image-meta=\"{&quot;aperture&quot;:&quot;0&quot;,&quot;credit&quot;:&quot;&quot;,&quot;camera&quot;:&quot;&quot;,&quot;caption&quot;:&quot;&quot;,&quot;created_timestamp&quot;:&quot;0&quot;,&quot;copyright&quot;:&quot;&quot;,&quot;focal_length&quot;:&quot;0&quot;,&quot;iso&quot;:&quot;0&quot;,&quot;shutter_speed&quot;:&quot;0&quot;,&quot;title&quot;:&quot;&quot;,&quot;orientation&quot;:&quot;0&quot;}\" data-image-title=\"img_20190728_204836\" data-image-description=\"\" data-image-caption=\"\" data-large-file=\"https:\/\/voyageetdestination.fr\/wp-content\/uploads\/2021\/11\/img_20190728_204836.jpg\" \/><\/div><a class=\"wp-block-latest-posts__post-title\" href=\"https:\/\/voyageetdestination.fr\/index.php\/2020\/07\/15\/honfleur-ville-portuaire-et-berceau-de-limpressionnisme\/\">Honfleur, ville portuaire et berceau de l&rsquo;impressionnisme<\/a><div class=\"wp-block-latest-posts__post-excerpt\">Normandie | Etape 1 | Honfleur Dans le Calvados en Normandie, la ville de Honfleur est situ\u00e9e sur l&rsquo;estuaire de la Seine, tout proche des cit\u00e9s baln\u00e9aires de Deauville et de Trouville. C&rsquo;est donc dans le Pays d&rsquo;Auge, que Honfleur montre ses charmes : Fa\u00e7ades d&rsquo;ardoise, petit port pittoresque et patrimoine m\u00e9di\u00e9val. Partons \u00e0 la\u2026 <a class=\"wp-block-latest-posts__read-more\" href=\"https:\/\/voyageetdestination.fr\/index.php\/2020\/07\/15\/honfleur-ville-portuaire-et-berceau-de-limpressionnisme\/\" rel=\"noopener noreferrer\">Lire la suite<span class=\"screen-reader-text\">\u00a0: Honfleur, ville portuaire et berceau de l&rsquo;impressionnisme<\/span><\/a><\/div><\/li>\n<li><div class=\"wp-block-latest-posts__featured-image\"><img loading=\"lazy\" decoding=\"async\" width=\"150\" height=\"150\" src=\"https:\/\/voyageetdestination.fr\/wp-content\/uploads\/2020\/07\/img_20190806_230152-150x150.jpg\" class=\"attachment-thumbnail size-thumbnail wp-post-image\" alt=\"\" style=\"\" data-attachment-id=\"3146\" data-permalink=\"https:\/\/voyageetdestination.fr\/index.php\/2020\/07\/21\/lincroyable-etretat\/img_20190806_230152-3\/\" data-orig-file=\"https:\/\/voyageetdestination.fr\/wp-content\/uploads\/2020\/07\/img_20190806_230152.jpg\" data-orig-size=\"1024,745\" data-comments-opened=\"1\" data-image-meta=\"{&quot;aperture&quot;:&quot;0&quot;,&quot;credit&quot;:&quot;&quot;,&quot;camera&quot;:&quot;&quot;,&quot;caption&quot;:&quot;&quot;,&quot;created_timestamp&quot;:&quot;1636548978&quot;,&quot;copyright&quot;:&quot;&quot;,&quot;focal_length&quot;:&quot;0&quot;,&quot;iso&quot;:&quot;0&quot;,&quot;shutter_speed&quot;:&quot;0&quot;,&quot;title&quot;:&quot;&quot;,&quot;orientation&quot;:&quot;1&quot;}\" data-image-title=\"img_20190806_230152\" data-image-description=\"\" data-image-caption=\"\" data-large-file=\"https:\/\/voyageetdestination.fr\/wp-content\/uploads\/2020\/07\/img_20190806_230152.jpg\" \/><\/div><a class=\"wp-block-latest-posts__post-title\" href=\"https:\/\/voyageetdestination.fr\/index.php\/2020\/07\/07\/roadtrip-quelques-incontournables-en-normandie\/\">Roadtrip | Quelques incontournables en Normandie<\/a><div class=\"wp-block-latest-posts__post-excerpt\">La Manche, les falaises blanches et les chaumi\u00e8res, nous y en sommes. En Normandie ! Pendant quelques semaines, nous vous ferons visiter quelques sites incontournables \u00e0 voir en Normandie. Voici, une petite liste (non-exhaustive) pour explorer la r\u00e9gion \ud83d\uddfa\ufe0f : Les falaises d&rsquo;Etretat Paysage naturel, absolument \u00e9blouissant, les falaises d&rsquo;Etretat sont, bien \u00e9videmment, \u00e0 aller\u2026 <a class=\"wp-block-latest-posts__read-more\" href=\"https:\/\/voyageetdestination.fr\/index.php\/2020\/07\/07\/roadtrip-quelques-incontournables-en-normandie\/\" rel=\"noopener noreferrer\">Lire la suite<span class=\"screen-reader-text\">\u00a0: Roadtrip | Quelques incontournables en Normandie<\/span><\/a><\/div><\/li>\n<\/ul>\n\n\n<p><\/p>\n","protected":false},"excerpt":{"rendered":"<p class=\"text-justify\">Les derniers articles<\/p>\n","protected":false},"author":1,"featured_media":0,"parent":0,"menu_order":0,"comment_status":"open","ping_status":"closed","template":"","meta":{"jetpack_post_was_ever_published":false,"footnotes":""},"class_list":["post-1031","page","type-page","status-publish","hentry"],"jetpack_sharing_enabled":true,"jetpack_likes_enabled":true,"_links":{"self":[{"href":"https:\/\/voyageetdestination.fr\/index.php\/wp-json\/wp\/v2\/pages\/1031","targetHints":{"allow":["GET"]}}],"collection":[{"href":"https:\/\/voyageetdestination.fr\/index.php\/wp-json\/wp\/v2\/pages"}],"about":[{"href":"https:\/\/voyageetdestination.fr\/index.php\/wp-json\/wp\/v2\/types\/page"}],"author":[{"embeddable":true,"href":"https:\/\/voyageetdestination.fr\/index.php\/wp-json\/wp\/v2\/users\/1"}],"replies":[{"embeddable":true,"href":"https:\/\/voyageetdestination.fr\/index.php\/wp-json\/wp\/v2\/comments?post=1031"}],"version-history":[{"count":3,"href":"https:\/\/voyageetdestination.fr\/index.php\/wp-json\/wp\/v2\/pages\/1031\/revisions"}],"predecessor-version":[{"id":3195,"href":"https:\/\/voyageetdestination.fr\/index.php\/wp-json\/wp\/v2\/pages\/1031\/revisions\/3195"}],"wp:attachment":[{"href":"https:\/\/voyageetdestination.fr\/index.php\/wp-json\/wp\/v2\/media?parent=1031"}],"curies":[{"name":"wp","href":"https:\/\/api.w.org\/{rel}","templated":true}]}}